{"id":2971,"date":"2019-10-18T10:49:43","date_gmt":"2019-10-18T08:49:43","guid":{"rendered":"https:\/\/www.camping-des-gorges.com\/visiter-lardeche\/"},"modified":"2024-11-25T10:51:03","modified_gmt":"2024-11-25T09:51:03","slug":"de-ardeche-bezoeken","status":"publish","type":"page","link":"https:\/\/www.camping-des-gorges.com\/nl\/recreatie\/de-ardeche-bezoeken\/","title":{"rendered":"De Ard\u00e8che bezoeken"},"content":{"rendered":"<p><div class=\"fusion-fullwidth fullwidth-box fusion-builder-row-1 nonhundred-percent-fullwidth non-hundred-percent-height-scrolling\"  style='background-color: rgba(255,255,255,0);background-position: center center;background-repeat: no-repeat;padding-top:40px;padding-right:0px;padding-bottom:0px;padding-left:0px;'><div class=\"fusion-builder-row fusion-row \"><div  class=\"fusion-layout-column fusion_builder_column fusion_builder_column_1_1 fusion-builder-column-1 fusion-one-full fusion-column-first fusion-column-last 1_1\"  style='margin-top:0px;margin-bottom:20px;'>\n\t\t\t\t\t<div class=\"fusion-column-wrapper\" style=\"padding: 0px 0px 0px 0px;background-position:left top;background-repeat:no-repeat;-webkit-background-size:cover;-moz-background-size:cover;-o-background-size:cover;background-size:cover;\"   data-bg-url=\"\">\n\t\t\t\t\t\t<style type=\"text\/css\"><\/style><div class=\"fusion-title title fusion-title-1 fusion-title-center fusion-title-text fusion-title-size-two bleu-fonce-title\" style=\"margin-top:0px;margin-bottom:31px;\"><div class=\"title-sep-container title-sep-container-left\"><div class=\"title-sep sep-single sep-solid\" style=\"border-color:#e0dede;\"><\/div><\/div><h2 class=\"title-heading-center\" style=\"margin:0;\"><span class=\"sfont\">De authentieke Ard\u00e8che<\/span><span class=\"hnbch\">cultuur, sport, ambachtswerk, gastronomie en nog veel meer&#8230;<\/span><\/h2><div class=\"title-sep-container title-sep-container-right\"><div class=\"title-sep sep-single sep-solid\" style=\"border-color:#e0dede;\"><\/div><\/div><\/div><div class=\"fusion-text\"><p style=\"text-align: center;\"><strong>De Ard\u00e8che<\/strong> is een unieke bestemming bij uitstek en <strong>biedt talloze activiteiten en bezigheden<\/strong> van allerlei aard; of het nu gaat om <strong>culturele, sportieve, ambachtelijke of gastronomische <\/strong>&#8230;u zult enkel moeite hebben met de keuze om uw dagen te vullen!<\/p>\n<p style=\"text-align: center;\">Door de <a href=\"\/nl\/recreatie\/activiteiten-op-de-camping\/\">talrijke activiteiten die de animators van de camping<\/a> tijdens de maanden juli en augustus organiseren, zal de Ard\u00e8che ongetwijfeld fantastische herinneringen nalaten!<\/p>\n<\/div><div class=\"fusion-sep-clear\"><\/div><div class=\"fusion-separator fusion-full-width-sep sep-none\" style=\"margin-left: auto;margin-right: auto;margin-top:40px;\"><\/div><div class=\"fusion-clearfix\"><\/div>\n\n\t\t\t\t\t<\/div>\n\t\t\t\t<\/div><div  class=\"fusion-layout-column fusion_builder_column fusion_builder_column_1_1 fusion-builder-column-2 fusion-one-full fusion-column-first fusion-column-last 1_1\"  style='margin-top:0px;margin-bottom:20px;'>\n\t\t\t\t\t<div class=\"fusion-column-wrapper\" style=\"padding: 0px 0px 0px 0px;background-position:left top;background-repeat:no-repeat;-webkit-background-size:cover;-moz-background-size:cover;-o-background-size:cover;background-size:cover;\"   data-bg-url=\"\">\n\t\t\t\t\t\t<style type=\"text\/css\"><\/style><div class=\"fusion-title title fusion-title-2 fusion-sep-none fusion-title-center fusion-title-text fusion-title-size-three bleu-fonce-title h3ardeche\" style=\"margin-top:0px;margin-bottom:31px;\"><h3 class=\"title-heading-center\" style=\"margin:0;\">De Ard\u00e8che tussen geschiedenis en erfgoed!<\/h3><\/div><div class=\"fusion-text\"><p><strong>Gelegen aan de oever van de <a href=\"http:\/\/www.gorgesdelardeche.fr\/\" target=\"_blank\" rel=\"noopener noreferrer\">Gorges de l&#8217;Ard\u00e8che<\/a>, is <a href=\"http:\/\/www.saintmartindardeche.fr\/\" target=\"_blank\" rel=\"noopener noreferrer\">Saint Martin d&#8217;Ard\u00e8che<\/a><\/strong> een dorp in het uiterste zuiden van <strong>Zuid-Ard\u00e8che waar het milde mediterrane klimaat, het gezang van de krekels en het zuidelijke accent de overhand hebben<\/strong>&#8230; Of u nu een culturele, sportieve of ontdekkingsvakantie wilt beleven, vanaf onze camping heeft u directe toegang tot de mooiste monumenten en de mooiste excursies te midden van de ongerepte natuur.<\/p>\n<\/div><div class=\"fusion-clearfix\"><\/div>\n\n\t\t\t\t\t<\/div>\n\t\t\t\t<\/div><div  class=\"fusion-layout-column fusion_builder_column fusion_builder_column_1_3 fusion-builder-column-3 fusion-one-third fusion-column-first 1_3\"  style='margin-top:0px;margin-bottom:20px;width:33.33%;width:calc(33.33% - ( ( 4% + 4% ) * 0.3333 ) );margin-right: 4%;'>\n\t\t\t\t\t<div class=\"fusion-column-wrapper\" style=\"padding: 0px 0px 0px 0px;background-position:left top;background-repeat:no-repeat;-webkit-background-size:cover;-moz-background-size:cover;-o-background-size:cover;background-size:cover;\"   data-bg-url=\"\">\n\t\t\t\t\t\t<style type=\"text\/css\"><\/style><div class=\"fusion-title title fusion-title-3 fusion-sep-none fusion-title-text fusion-title-size-four bleu-fonce-title\" style=\"margin-top:0px;margin-bottom:31px;\"><h4 class=\"title-heading-left\" style=\"margin:0;\">De Gorges de l&#8217;Ard\u00e8che<\/h4><\/div><div class=\"imageframe-align-center\"><span class=\"fusion-imageframe imageframe-none imageframe-1 hover-type-none\"><a href=\"https:\/\/www.camping-des-gorges.com\/wp-content\/uploads\/les-gorges-de-l-ardeche-04.jpg\" class=\"fusion-lightbox\" data-rel=\"iLightbox[70a75d115e94aff58e1]\" data-title=\"Gorges de l&#8217;Ard\u00e8che\" title=\"Gorges de l&#8217;Ard\u00e8che\"><img loading=\"lazy\" decoding=\"async\" src=\"data:image\/svg+xml,%3Csvg%20xmlns%3D%27http%3A%2F%2Fwww.w3.org%2F2000%2Fsvg%27%20width%3D%271200%27%20height%3D%27653%27%20viewBox%3D%270%200%201200%20653%27%3E%3Crect%20width%3D%271200%27%20height%3D%273653%27%20fill-opacity%3D%220%22%2F%3E%3C%2Fsvg%3E\" data-orig-src=\"https:\/\/www.camping-des-gorges.com\/wp-content\/uploads\/les-gorges-de-l-ardeche-04-600x300.jpg\" width=\"600\" height=\"300\" alt=\"Gorges de l&#039;Ard\u00e8che\" class=\"lazyload img-responsive wp-image-2645\"\/><\/a><\/span><\/div><div class=\"fusion-sep-clear\"><\/div><div class=\"fusion-separator fusion-full-width-sep sep-double\" style=\"border-color:#e0dede;border-top-width:0px;border-bottom-width:0px;margin-left: auto;margin-right: auto;margin-top:20px;\"><\/div><div class=\"fusion-text\"><p><a href=\"http:\/\/www.gorgesdelardeche.fr\/\" target=\"_blank\" rel=\"noopener noreferrer\">De Gorges de l&#8217;Ard\u00e8che<\/a>, die een echte canyon vormen van ongeveer dertig kilometer gegraven in het kalksteenplateau tussen de Pont d&#8217;Arc (Vallon-Pont-d&#8217;Arc) en <a href=\"http:\/\/www.saintmartindardeche.fr\/\" target=\"_blank\" rel=\"noopener noreferrer\">Saint Martin d&#8217;Ard\u00e8che<\/a>, kunnen met de auto aan de noordkant gevolgd worden via weg met de schitterendste panorama&#8217;s door de garrigue (gebied met kreupelhout).<\/p>\n<p>Op de lagergelegen loop vormen ze de grens tussen de departementen <a href=\"https:\/\/en.ardeche-guide.com\/\" target=\"_blank\" rel=\"noopener noreferrer\">Ard\u00e8che<\/a> en Gard.<br \/>\nTalrijke belved\u00e8res (uitzichtpunten) waarvan de namen verbonden zijn met verschillende plaatsen liggen langs de route, vanaf de Serre de Tourre die het uitzicht op de Cevennen richting Al\u00e8s omvat op de toegangsweg van de Gorges tot de Ranc Pointu voor het panorama op Aigu\u00e8ze, <strong>Saint Martin d&#8217;Ard\u00e8che<\/strong> en, in de verte, de Rh\u00f4ne-vlakte en de Mont Ventoux.<\/p>\n<p>(Bron <a href=\"https:\/\/fr.wikipedia.org\/wiki\/Gorges_de_l%27Ard%C3%A8che\" target=\"_blank\" rel=\"noopener noreferrer\">Wikip\u00e9dia<\/a>)<\/p>\n<\/div><div class=\"fusion-clearfix\"><\/div>\n\n\t\t\t\t\t<\/div>\n\t\t\t\t<\/div><div  class=\"fusion-layout-column fusion_builder_column fusion_builder_column_1_3 fusion-builder-column-4 fusion-one-third 1_3\"  style='margin-top:0px;margin-bottom:20px;width:33.33%;width:calc(33.33% - ( ( 4% + 4% ) * 0.3333 ) );margin-right: 4%;'>\n\t\t\t\t\t<div class=\"fusion-column-wrapper\" style=\"padding: 0px 0px 0px 0px;background-position:left top;background-repeat:no-repeat;-webkit-background-size:cover;-moz-background-size:cover;-o-background-size:cover;background-size:cover;\"   data-bg-url=\"\">\n\t\t\t\t\t\t<style type=\"text\/css\"><\/style><div class=\"fusion-title title fusion-title-4 fusion-sep-none fusion-title-text fusion-title-size-four bleu-fonce-title\" style=\"margin-top:0px;margin-bottom:31px;\"><h4 class=\"title-heading-left\" style=\"margin:0;\">De schitterende Pont d&#8217;Arc<\/h4><\/div><div class=\"imageframe-align-center\"><span class=\"fusion-imageframe imageframe-none imageframe-2 hover-type-none\"><a href=\"https:\/\/www.camping-des-gorges.com\/wp-content\/uploads\/le-pont-d-arc.jpg\" class=\"fusion-lightbox\" data-rel=\"iLightbox[605ac245ad6b6cef789]\" data-title=\"De Pont d&#8217;Arc\" title=\"De Pont d&#8217;Arc\"><img loading=\"lazy\" decoding=\"async\" src=\"data:image\/svg+xml,%3Csvg%20xmlns%3D%27http%3A%2F%2Fwww.w3.org%2F2000%2Fsvg%27%20width%3D%271200%27%20height%3D%27900%27%20viewBox%3D%270%200%201200%20900%27%3E%3Crect%20width%3D%271200%27%20height%3D%273900%27%20fill-opacity%3D%220%22%2F%3E%3C%2Fsvg%3E\" data-orig-src=\"https:\/\/www.camping-des-gorges.com\/wp-content\/uploads\/le-pont-d-arc-600x300.jpg\" width=\"600\" height=\"300\" alt=\"De Pont d&#039;Arc\" class=\"lazyload img-responsive wp-image-2648\"\/><\/a><\/span><\/div><div class=\"fusion-sep-clear\"><\/div><div class=\"fusion-separator fusion-full-width-sep sep-double\" style=\"border-color:#e0dede;border-top-width:0px;border-bottom-width:0px;margin-left: auto;margin-right: auto;margin-top:20px;\"><\/div><div class=\"fusion-text\"><p>De Pont d&#8217;Arc is een sinds 1982 geklasseerde site. De stenen boog is het product van het werk van het water dat, na een kronkelende meander in de kalksteen te hebben geslagen, uiteindelijk tot de meest directe stroming heeft geleid en zo de loop van de oude meander heeft verlaten. Deze ondergrondse activiteit ligt ook aan de basis van de vorming van de vele andere holtes van de site van de Gorges de l&#8217;Ard\u00e8che.<\/p>\n<p>Dit geologische fenomeen is zeldzaam, maar niet uniek in Frankrijk of in de wereld, maar de andere plaatsen hebben toch bij lange na niet de proporties van de Pont d&#8217;Arc, de meest monumentale van alle: de Pont d&#8217;Arc die de rivier de Ard\u00e8che overspant op een hoogte van 54 meter en een breedte van 59 meter.<\/p>\n<p>Bovendien is de Pont d&#8217;Arc de enige in Frankrijk met een stenen boog met uitzicht op een rivier die nog in gebruik is.<\/p>\n<p>(Bron <a href=\"http:\/\/www.vallon-pont-darc.com\/\" target=\"_blank\" rel=\"noopener noreferrer\">Vallon Pont d&#8217;Arc<\/a>)<\/p>\n<\/div><div class=\"fusion-clearfix\"><\/div>\n\n\t\t\t\t\t<\/div>\n\t\t\t\t<\/div><div  class=\"fusion-layout-column fusion_builder_column fusion_builder_column_1_3 fusion-builder-column-5 fusion-one-third fusion-column-last 1_3\"  style='margin-top:0px;margin-bottom:20px;width:33.33%;width:calc(33.33% - ( ( 4% + 4% ) * 0.3333 ) );'>\n\t\t\t\t\t<div class=\"fusion-column-wrapper\" style=\"padding: 0px 0px 0px 0px;background-position:left top;background-repeat:no-repeat;-webkit-background-size:cover;-moz-background-size:cover;-o-background-size:cover;background-size:cover;\"   data-bg-url=\"\">\n\t\t\t\t\t\t<style type=\"text\/css\"><\/style><div class=\"fusion-title title fusion-title-5 fusion-sep-none fusion-title-text fusion-title-size-four bleu-fonce-title\" style=\"margin-top:0px;margin-bottom:31px;\"><h4 class=\"title-heading-left\" style=\"margin:0;\">Erfgoed en karakteristieke dorpen<\/h4><\/div><div class=\"imageframe-align-center\"><span class=\"fusion-imageframe imageframe-none imageframe-3 hover-type-none\"><a href=\"https:\/\/www.camping-des-gorges.com\/wp-content\/uploads\/balazuc-10.jpg\" class=\"fusion-lightbox\" data-rel=\"iLightbox[e915c9fee48bad5c964]\" data-title=\"Balazuc\" title=\"Balazuc\"><img loading=\"lazy\" decoding=\"async\" src=\"data:image\/svg+xml,%3Csvg%20xmlns%3D%27http%3A%2F%2Fwww.w3.org%2F2000%2Fsvg%27%20width%3D%271200%27%20height%3D%27800%27%20viewBox%3D%270%200%201200%20800%27%3E%3Crect%20width%3D%271200%27%20height%3D%273800%27%20fill-opacity%3D%220%22%2F%3E%3C%2Fsvg%3E\" data-orig-src=\"https:\/\/www.camping-des-gorges.com\/wp-content\/uploads\/balazuc-10-600x300.jpg\" width=\"600\" height=\"300\" alt=\"Balazuc\" class=\"lazyload img-responsive wp-image-2669\"\/><\/a><\/span><\/div><div class=\"fusion-sep-clear\"><\/div><div class=\"fusion-separator fusion-full-width-sep sep-double\" style=\"border-color:#e0dede;border-top-width:0px;border-bottom-width:0px;margin-left: auto;margin-right: auto;margin-top:20px;\"><\/div><div class=\"fusion-text\"><p>De avens (spelonken), prestigieuze grotten en valleien vormen de rijkdom van de Ard\u00e8che. Niet ver van <a href=\"http:\/\/www.saintmartindardeche.fr\/\" target=\"_blank\" rel=\"noopener noreferrer\">Saint Martin d&#8217;Ard\u00e8che<\/a> zult u fantastische landschappen en karakteristieke dorpen tegenkomen.<\/p>\n<p>Het middeleeuwse dorp <a href=\"http:\/\/www.balazuc.fr\/\" target=\"_blank\" rel=\"noopener noreferrer\">Balazuc<\/a> gelegen op de steile kliffen, het dorp <a href=\"http:\/\/www.mairiedelabeaume.fr\/\" target=\"_blank\" rel=\"noopener noreferrer\">Labeaume<\/a>genesteld tegen de kalkstenen kliffen, het dorp <a href=\"http:\/\/www.vogue-tourisme.com\/\" target=\"_blank\" rel=\"noopener noreferrer\">Vogu\u00eb<\/a> gebouwd als amfitheater en ook het dorp <strong>Labastide de Virac<\/strong> en zijn 10e eeuwse kasteel met een zijderupsenkwekerij zijn alle fantastische plaatsen die u op slechts enkele kilometers van <strong>Saint Martin d&#8217;Ard\u00e8che<\/strong> kunt verkennen.<\/p>\n<\/div><div class=\"fusion-clearfix\"><\/div>\n\n\t\t\t\t\t<\/div>\n\t\t\t\t<\/div><div  class=\"fusion-layout-column fusion_builder_column fusion_builder_column_1_3 fusion-builder-column-6 fusion-one-third fusion-column-first 1_3\"  style='margin-top:0px;margin-bottom:20px;width:33.33%;width:calc(33.33% - ( ( 4% + 4% ) * 0.3333 ) );margin-right: 4%;'>\n\t\t\t\t\t<div class=\"fusion-column-wrapper\" style=\"padding: 0px 0px 0px 0px;background-position:left top;background-repeat:no-repeat;-webkit-background-size:cover;-moz-background-size:cover;-o-background-size:cover;background-size:cover;\"   data-bg-url=\"\">\n\t\t\t\t\t\t<style type=\"text\/css\"><\/style><div class=\"fusion-title title fusion-title-6 fusion-sep-none fusion-title-text fusion-title-size-four bleu-fonce-title\" style=\"margin-top:0px;margin-bottom:31px;\"><h4 class=\"title-heading-left\" style=\"margin:0;\">Grotten van Europa, verborgen schatten<\/h4><\/div><div class=\"imageframe-align-center\"><span class=\"fusion-imageframe imageframe-none imageframe-4 hover-type-none\"><a href=\"https:\/\/www.camping-des-gorges.com\/wp-content\/uploads\/Orgnac.jpg\" class=\"fusion-lightbox\" data-rel=\"iLightbox[050e74e40d2a516c3d7]\" data-title=\"De Aven van Orgnac\" title=\"De Aven van Orgnac\"><img loading=\"lazy\" decoding=\"async\" src=\"data:image\/svg+xml,%3Csvg%20xmlns%3D%27http%3A%2F%2Fwww.w3.org%2F2000%2Fsvg%27%20width%3D%27849%27%20height%3D%27566%27%20viewBox%3D%270%200%20849%20566%27%3E%3Crect%20width%3D%27849%27%20height%3D%273566%27%20fill-opacity%3D%220%22%2F%3E%3C%2Fsvg%3E\" data-orig-src=\"https:\/\/www.camping-des-gorges.com\/wp-content\/uploads\/Orgnac-600x300.jpg\" width=\"600\" height=\"300\" alt=\"De Aven van Orgnac\" class=\"lazyload img-responsive wp-image-2672\"\/><\/a><\/span><\/div><div class=\"fusion-sep-clear\"><\/div><div class=\"fusion-separator fusion-full-width-sep sep-double\" style=\"border-color:#e0dede;border-top-width:0px;border-bottom-width:0px;margin-left: auto;margin-right: auto;margin-top:20px;\"><\/div><div class=\"fusion-text\"><p>Vroeger bestond de Ard\u00e8che uit diepe zeebodems, vervolgens uitgehold in de loop van de geologische tijdperken door waterinfiltratie die er ondergrondse holtes vormden, herbergt de Ard\u00e8che er tegenwoordig de mooiste grotten en spelonken van Europa, waarvan vele regelmatig open zijn voor het publiek.<\/p>\n<p>Tussen deze grotten in de Ard\u00e8che bevindt zich een waar juweeltje, <a href=\"https:\/\/www.orgnac.com\/nl\/\" target=\"_blank\" rel=\"noopener noreferrer\">de Aven d&#8217;Orgnac<\/a>, die de enige grot met het \u2018Grand Site\u2019-label in Frankrijk is. Deze grot ligt op slechts 20 km van Saint Martin d&#8217;Ard\u00e8che. U kunt er een rondleiding krijgen en de prehistorische stad en de speleologie bezoeken.<\/p>\n<\/div><div class=\"fusion-clearfix\"><\/div>\n\n\t\t\t\t\t<\/div>\n\t\t\t\t<\/div><div  class=\"fusion-layout-column fusion_builder_column fusion_builder_column_1_3 fusion-builder-column-7 fusion-one-third 1_3\"  style='margin-top:0px;margin-bottom:20px;width:33.33%;width:calc(33.33% - ( ( 4% + 4% ) * 0.3333 ) );margin-right: 4%;'>\n\t\t\t\t\t<div class=\"fusion-column-wrapper\" style=\"padding: 0px 0px 0px 0px;background-position:left top;background-repeat:no-repeat;-webkit-background-size:cover;-moz-background-size:cover;-o-background-size:cover;background-size:cover;\"   data-bg-url=\"\">\n\t\t\t\t\t\t<style type=\"text\/css\"><\/style><div class=\"fusion-title title fusion-title-7 fusion-sep-none fusion-title-text fusion-title-size-four bleu-fonce-title\" style=\"margin-top:0px;margin-bottom:31px;\"><h4 class=\"title-heading-left\" style=\"margin:0;\">De Chauvet-grot, geschiedenis door de eeuwen heen<\/h4><\/div><div class=\"imageframe-align-center\"><span class=\"fusion-imageframe imageframe-none imageframe-5 hover-type-none\"><a href=\"https:\/\/www.camping-des-gorges.com\/wp-content\/uploads\/La-salle-du-cr\u00e2ne-et-le-panneau-des-chevaux\u00a9-S.Jaillet.jpg\" class=\"fusion-lightbox\" data-rel=\"iLightbox[7f2719a1911505b5649]\" data-title=\"La salle du cr\u00e2ne et le panneau des chevaux\u00a9 S.Jaillet\" title=\"La salle du cr\u00e2ne et le panneau des chevaux\u00a9 S.Jaillet\"><img loading=\"lazy\" decoding=\"async\" src=\"data:image\/svg+xml,%3Csvg%20xmlns%3D%27http%3A%2F%2Fwww.w3.org%2F2000%2Fsvg%27%20width%3D%271300%27%20height%3D%27467%27%20viewBox%3D%270%200%201300%20467%27%3E%3Crect%20width%3D%271300%27%20height%3D%273467%27%20fill-opacity%3D%220%22%2F%3E%3C%2Fsvg%3E\" data-orig-src=\"https:\/\/www.camping-des-gorges.com\/wp-content\/uploads\/La-salle-du-cr\u00e2ne-et-le-panneau-des-chevaux\u00a9-S.Jaillet-600x300.jpg\" width=\"600\" height=\"300\" alt=\"La salle du cr\u00e2ne et le panneau des chevaux\u00a9 S.Jaillet\" class=\"lazyload img-responsive wp-image-2651\"\/><\/a><\/span><\/div><div class=\"fusion-sep-clear\"><\/div><div class=\"fusion-separator fusion-full-width-sep sep-double\" style=\"border-color:#e0dede;border-top-width:0px;border-bottom-width:0px;margin-left: auto;margin-right: auto;margin-top:20px;\"><\/div><div class=\"fusion-text\"><p>Niet ver van de majestueuze <a href=\"http:\/\/www.vallon-pont-darc.com\/\" target=\"_blank\" rel=\"noopener noreferrer\">Pont d&#8217;Arc<\/a> ligt de <a href=\"http:\/\/archeologie.culture.fr\/chauvet\/\" target=\"_blank\" rel=\"noopener noreferrer\">Chauvet-grot<\/a>, de oudste versierde grot ter wereld van onschatbare waarde.<\/p>\n<p>Hij werd in 1994 ontdekt door drie Franse speleologen, waaronder een zekere Jean-Marie Chauvet die zijn naam gaf aan deze immense ontdekking.<\/p>\n<p>Deze grot, versierd met honderden beschilderingen en gravures die meer dan 36.000 jaar oud zijn, is ook buitengewoon voor de gehele mensheid en daarom <strong> in 2014 op de UNESCO-werelderfgoedlijst opgenomen<\/strong>.<\/p>\n<\/div><div class=\"fusion-clearfix\"><\/div>\n\n\t\t\t\t\t<\/div>\n\t\t\t\t<\/div><div  class=\"fusion-layout-column fusion_builder_column fusion_builder_column_1_3 fusion-builder-column-8 fusion-one-third fusion-column-last 1_3\"  style='margin-top:0px;margin-bottom:20px;width:33.33%;width:calc(33.33% - ( ( 4% + 4% ) * 0.3333 ) );'>\n\t\t\t\t\t<div class=\"fusion-column-wrapper\" style=\"padding: 0px 0px 0px 0px;background-position:left top;background-repeat:no-repeat;-webkit-background-size:cover;-moz-background-size:cover;-o-background-size:cover;background-size:cover;\"   data-bg-url=\"\">\n\t\t\t\t\t\t<style type=\"text\/css\"><\/style><div class=\"fusion-title title fusion-title-8 fusion-sep-none fusion-title-text fusion-title-size-four bleu-fonce-title\" style=\"margin-top:0px;margin-bottom:31px;\"><h4 class=\"title-heading-left\" style=\"margin:0;\">De Chauvet-grot 2, de kleine broer<\/h4><\/div><div class=\"imageframe-align-center\"><span class=\"fusion-imageframe imageframe-none imageframe-6 hover-type-none\"><a href=\"https:\/\/www.camping-des-gorges.com\/wp-content\/uploads\/le-panneau-des-lions-\u00aePatrick-Aventurier.jpg\" class=\"fusion-lightbox\" data-rel=\"iLightbox[80043bbb905615233f9]\" data-title=\"Le panneau des lions \u00aePatrick Aventurier\" title=\"Le panneau des lions \u00aePatrick Aventurier\"><img loading=\"lazy\" decoding=\"async\" src=\"data:image\/svg+xml,%3Csvg%20xmlns%3D%27http%3A%2F%2Fwww.w3.org%2F2000%2Fsvg%27%20width%3D%271200%27%20height%3D%27800%27%20viewBox%3D%270%200%201200%20800%27%3E%3Crect%20width%3D%271200%27%20height%3D%273800%27%20fill-opacity%3D%220%22%2F%3E%3C%2Fsvg%3E\" data-orig-src=\"https:\/\/www.camping-des-gorges.com\/wp-content\/uploads\/le-panneau-des-lions-\u00aePatrick-Aventurier-600x300.jpg\" width=\"600\" height=\"300\" alt=\"Le panneau des lions \u00aePatrick Aventurier\" class=\"lazyload img-responsive wp-image-2654\"\/><\/a><\/span><\/div><div class=\"fusion-sep-clear\"><\/div><div class=\"fusion-separator fusion-full-width-sep sep-double\" style=\"border-color:#e0dede;border-top-width:0px;border-bottom-width:0px;margin-left: auto;margin-right: auto;margin-top:20px;\"><\/div><div class=\"fusion-text\"><p>Gezien de extreme zeldzaamheid van de Chauvet-grot werd deze al snel gesloten voor het publiek om zijn fabelachtige schatten te bewaren. Maar om de hele wereld te laten genieten van deze werken en ze met iedereen te delen, is op enkele kilometers van de camping een enorm reconstructiegebied gebouwd, de <a href=\"https:\/\/nl.grottechauvet2ardeche.com\/home\/\" target=\"_blank\" rel=\"noopener noreferrer\">\u2018Grotte Chauvet 2 &#8211; Ard\u00e8che<\/a>, met adembenemende kopie\u00ebn van de originele werken in een even gigantische als majestueuze omgeving.<\/p>\n<p>Wetenschappers, ingenieurs en kunstenaars leverden een<br \/>\n<strong>prestatie die uniek is in de wereld<\/strong>. Ze hebben deze originele grot gereconstrueerd: de Chauvet-grot 2, waardoor deze buitengewone collectie beschilderingen en gravures zichtbaar worden en men ervaart er dezelfde emoties die de ontdekkers van de grot twintig jaar geleden zo troffen.<\/p>\n<p>Uw bezoek aan de <strong>Chauvet-grot 2<\/strong><br \/>\nPlan uw bezoek, reserveren is verplicht op de offici\u00eble website<\/p>\n<p><a href=\"https:\/\/nl.grottechauvet2ardeche.com\/reserveer-online\/\" target=\"_blank\" rel=\"noopener noreferrer\">RESERVEREN<\/a><\/p>\n<\/div><div class=\"fusion-clearfix\"><\/div>\n\n\t\t\t\t\t<\/div>\n\t\t\t\t<\/div><\/div><\/div><div class=\"fusion-fullwidth fullwidth-box fusion-builder-row-2 nonhundred-percent-fullwidth non-hundred-percent-height-scrolling\"  style='background-color: rgba(255,255,255,0);background-position: center center;background-repeat: no-repeat;padding-top:0px;padding-right:0px;padding-bottom:0px;padding-left:0px;'><div class=\"fusion-builder-row fusion-row \"><div  class=\"fusion-layout-column fusion_builder_column fusion_builder_column_1_1 fusion-builder-column-9 fusion-one-full fusion-column-first fusion-column-last 1_1\"  style='margin-top:0px;margin-bottom:20px;'>\n\t\t\t\t\t<div class=\"fusion-column-wrapper\" style=\"padding: 0px 0px 0px 0px;background-position:left top;background-repeat:no-repeat;-webkit-background-size:cover;-moz-background-size:cover;-o-background-size:cover;background-size:cover;\"   data-bg-url=\"\">\n\t\t\t\t\t\t<div class=\"fusion-sep-clear\"><\/div><div class=\"fusion-separator fusion-full-width-sep sep-none\" style=\"margin-left: auto;margin-right: auto;margin-top:40px;\"><\/div><style type=\"text\/css\"><\/style><div class=\"fusion-title title fusion-title-9 fusion-title-center fusion-title-text fusion-title-size-two bleu-fonce-title\" style=\"margin-top:0px;margin-bottom:31px;\"><div class=\"title-sep-container title-sep-container-left\"><div class=\"title-sep sep-single sep-solid\" style=\"border-color:#e0dede;\"><\/div><\/div><h2 class=\"title-heading-center\" style=\"margin:0;\"><span class=\"sfont\">Praktische info Ard\u00e8che<\/span><\/h2><div class=\"title-sep-container title-sep-container-right\"><div class=\"title-sep sep-single sep-solid\" style=\"border-color:#e0dede;\"><\/div><\/div><\/div><div class=\"fusion-text\"><p style=\"text-align: center;\">Rijk aan natuurlijk en cultureel erfgoed, uitzonderlijke archeologische vindplaatsen, karakteristieke dorpen, gastronomie uit de streek&#8230;<br \/>\nHet departement Ard\u00e8che biedt een groot aantal goede adressen.<\/p>\n<\/div><div class=\"fusion-sep-clear\"><\/div><div class=\"fusion-separator fusion-full-width-sep sep-none\" style=\"margin-left: auto;margin-right: auto;margin-top:50px;\"><\/div><div class=\"fusion-clearfix\"><\/div>\n\n\t\t\t\t\t<\/div>\n\t\t\t\t<\/div><div  class=\"fusion-layout-column fusion_builder_column fusion_builder_column_1_1 fusion-builder-column-10 fusion-one-full fusion-column-first fusion-column-last 1_1\"  style='margin-top:0px;margin-bottom:20px;'>\n\t\t\t\t\t<div class=\"fusion-column-wrapper\" style=\"padding: 0px 0px 0px 0px;background-position:left top;background-repeat:no-repeat;-webkit-background-size:cover;-moz-background-size:cover;-o-background-size:cover;background-size:cover;\"   data-bg-url=\"\">\n\t\t\t\t\t\t<style type=\"text\/css\"><\/style><div class=\"fusion-title title fusion-title-10 fusion-sep-none fusion-title-center fusion-title-text fusion-title-size-three bleu-fonce-title h3ardeche\" style=\"margin-top:0px;margin-bottom:31px;\"><h3 class=\"title-heading-center\" style=\"margin:0;\">Goede adressen aanbevolen door Camping des Gorges!<\/h3><\/div><div class=\"fusion-text\"><p style=\"text-align: center;\">Om onze vakantiegangers van over de hele wereld te begeleiden in hun zoektocht tijdens hun gehele verblijf,<br \/>\nbieden wij u <strong>een brochure met goede adressen die de nieuwsgierigen onder u zullen helpen om authentieke en niet te missen plaatsen te ontdekken!<\/strong><\/p>\n<\/div><div class=\"fusion-clearfix\"><\/div>\n\n\t\t\t\t\t<\/div>\n\t\t\t\t<\/div><div  class=\"fusion-layout-column fusion_builder_column fusion_builder_column_1_4 fusion-builder-column-11 fusion-one-fourth fusion-column-first 1_4\"  style='margin-top:0px;margin-bottom:20px;width:25%;width:calc(25% - ( ( 30px + 30px + 30px ) * 0.25 ) );margin-right: 30px;'>\n\t\t\t\t\t<div class=\"fusion-column-wrapper\" style=\"padding: 0px 0px 0px 0px;background-position:left top;background-repeat:no-repeat;-webkit-background-size:cover;-moz-background-size:cover;-o-background-size:cover;background-size:cover;\"   data-bg-url=\"\">\n\t\t\t\t\t\t<style type=\"text\/css\"><\/style><div class=\"fusion-title title fusion-title-11 fusion-sep-none fusion-title-text fusion-title-size-four bleu-fonce-title\" style=\"margin-top:0px;margin-bottom:31px;\"><h4 class=\"title-heading-left\" style=\"margin:0;\">Grotten en spelonken<\/h4><\/div><div class=\"fusion-text\"><ul>\n<li><a href=\"https:\/\/nl.grottechauvet2ardeche.com\/home\/\" target=\"_blank\" rel=\"noopener noreferrer\">De Chauve-grot 2<\/a><\/li>\n<li><a href=\"https:\/\/www.orgnac.com\/nl\/\" target=\"_blank\" rel=\"noopener noreferrer\">De Aven van Orgnac<\/a><\/li>\n<li><a href=\"http:\/\/www.aven-marzal.com\/\" target=\"_blank\" rel=\"noopener noreferrer\">De Aven Marzal<\/a><\/li>\n<li><a href=\"https:\/\/www.grottemadeleine.com\/en\/the-madeleine-caverns-in-the-heart-of-the-ardeche-gorge.html\" target=\"_blank\" rel=\"noopener noreferrer\">Grot van Madeleine<\/a><\/li>\n<li><a href=\"https:\/\/www.grotte-ardeche.com\/nl\/\" target=\"_blank\" rel=\"noopener noreferrer\">Grot van Saint Marcel d&#8217;Ard\u00e8che<\/a><\/li>\n<\/ul>\n<\/div><div class=\"fusion-clearfix\"><\/div>\n\n\t\t\t\t\t<\/div>\n\t\t\t\t<\/div><div  class=\"fusion-layout-column fusion_builder_column fusion_builder_column_1_4 fusion-builder-column-12 fusion-one-fourth 1_4\"  style='margin-top:0px;margin-bottom:20px;width:25%;width:calc(25% - ( ( 30px + 30px + 30px ) * 0.25 ) );margin-right: 30px;'>\n\t\t\t\t\t<div class=\"fusion-column-wrapper\" style=\"padding: 0px 0px 0px 0px;background-position:left top;background-repeat:no-repeat;-webkit-background-size:cover;-moz-background-size:cover;-o-background-size:cover;background-size:cover;\"   data-bg-url=\"\">\n\t\t\t\t\t\t<style type=\"text\/css\"><\/style><div class=\"fusion-title title fusion-title-12 fusion-sep-none fusion-title-text fusion-title-size-four bleu-fonce-title\" style=\"margin-top:0px;margin-bottom:31px;\"><h4 class=\"title-heading-left\" style=\"margin:0;\">Historische plaatsen<\/h4><\/div><div class=\"fusion-text\"><ul>\n<li><a href=\"https:\/\/www.alba-la-romaine.fr\/\" target=\"_blank\" rel=\"noopener noreferrer\">Archeologische vindplaats Alba la Romaine<\/a><\/li>\n<li><a href=\"http:\/\/pontdugard.fr\/nl target=\" rel=\"noopener noreferrer\">Het Pont du Gard<\/a><\/li>\n<li><a href=\"http:\/\/www.palais-des-papes.com\/en\" target=\"_blank\" rel=\"noopener noreferrer\">Het paleis van de pausen van Avignon<\/a><\/li>\n<li><a href=\"https:\/\/www.theatre-antique.com\/en\/home\" target=\"_blank\" rel=\"noopener noreferrer\">Het oude theater van Oranje<\/a><\/li>\n<li><a href=\"https:\/\/www.arenes-nimes.com\/en\/home\" target=\"_blank\" rel=\"noopener noreferrer\">De arena van N\u00eemes<\/a><\/li>\n<\/ul>\n<\/div><div class=\"fusion-clearfix\"><\/div>\n\n\t\t\t\t\t<\/div>\n\t\t\t\t<\/div><div  class=\"fusion-layout-column fusion_builder_column fusion_builder_column_1_4 fusion-builder-column-13 fusion-one-fourth 1_4\"  style='margin-top:0px;margin-bottom:20px;width:25%;width:calc(25% - ( ( 30px + 30px + 30px ) * 0.25 ) );margin-right: 30px;'>\n\t\t\t\t\t<div class=\"fusion-column-wrapper\" style=\"padding: 0px 0px 0px 0px;background-position:left top;background-repeat:no-repeat;-webkit-background-size:cover;-moz-background-size:cover;-o-background-size:cover;background-size:cover;\"   data-bg-url=\"\">\n\t\t\t\t\t\t<style type=\"text\/css\"><\/style><div class=\"fusion-title title fusion-title-13 fusion-sep-none fusion-title-text fusion-title-size-four bleu-fonce-title\" style=\"margin-top:0px;margin-bottom:31px;\"><h4 class=\"title-heading-left\" style=\"margin:0;\">Natuur en wandel- en fietstochten<\/h4><\/div><div class=\"fusion-text\"><ul>\n<li><a href=\"http:\/\/www.gorgesdelardeche.fr\/\" target=\"_blank\" rel=\"noopener noreferrer\">De Gorges de l&#8217;Ard\u00e8che<\/a><\/li>\n<li><a href=\"https:\/\/www.gerbier-de-jonc.fr\/GB\/home.html\" target=\"_blank\" rel=\"noopener noreferrer\">Mont Gerbier de Jonc<\/a><\/li>\n<li><a href=\"http:\/\/www.parc-monts-ardeche.fr\/en\" target=\"_blank\" rel=\"noopener noreferrer\">Het Regionaal Natuurpark van Monts d&#8217;Ard\u00e8che<\/a><\/li>\n<li>Bois de Pa\u00efolive<\/li>\n<li>De watervallen van Sautadet<\/li>\n<li>Mont Ventoux<\/li>\n<\/ul>\n<\/div><div class=\"fusion-clearfix\"><\/div>\n\n\t\t\t\t\t<\/div>\n\t\t\t\t<\/div><div  class=\"fusion-layout-column fusion_builder_column fusion_builder_column_1_4 fusion-builder-column-14 fusion-one-fourth fusion-column-last 1_4\"  style='margin-top:0px;margin-bottom:20px;width:25%;width:calc(25% - ( ( 30px + 30px + 30px ) * 0.25 ) );'>\n\t\t\t\t\t<div class=\"fusion-column-wrapper\" style=\"padding: 0px 0px 0px 0px;background-position:left top;background-repeat:no-repeat;-webkit-background-size:cover;-moz-background-size:cover;-o-background-size:cover;background-size:cover;\"   data-bg-url=\"\">\n\t\t\t\t\t\t<style type=\"text\/css\"><\/style><div class=\"fusion-title title fusion-title-14 fusion-sep-none fusion-title-text fusion-title-size-four bleu-fonce-title\" style=\"margin-top:0px;margin-bottom:31px;\"><h4 class=\"title-heading-left\" style=\"margin:0;\">Activiteiten en uitstapjes<\/h4><\/div><div class=\"fusion-text\"><ul>\n<li><a href=\"\/nl\/recreatie\/kanovaren\/\" target=\"_blank\" rel=\"noopener noreferrer\">Afdaling van de Ard\u00e8che per kano<\/a><\/li>\n<li><a href=\"https:\/\/www.safari-peaugres.com\/en\" target=\"_blank\" rel=\"noopener noreferrer\">Safari de Peaugres<\/a><\/li>\n<li><a href=\"https:\/\/www.bambouseraie.fr\/en\/homepage\/\" target=\"_blank\" rel=\"noopener noreferrer\">Bamboeplantage in Anduze<\/a><\/li>\n<li><a href=\"https:\/\/www.lafermeauxcrocodiles.com\/nl\/\" target=\"_blank\" rel=\"noopener noreferrer\">De krokodillenboerderij<\/a><\/li>\n<li><a href=\"https:\/\/www.museedelalavandeardeche.com\/\" target=\"_blank\" rel=\"noopener noreferrer\">Het Lavendel Museum<\/a><\/li>\n<li><a href=\"https:\/\/www.chartreuse-de-valbonne.com\/en\/\" target=\"_blank\" rel=\"noopener noreferrer\">Chartreuse de Valbonne<\/a><\/li>\n<li><a href=\"https:\/\/festival-avignon.com\/en\/\" target=\"_blank\" rel=\"noopener noreferrer\">Festival van Avignon<\/a><\/li>\n<\/ul>\n<\/div><div class=\"fusion-clearfix\"><\/div>\n\n\t\t\t\t\t<\/div>\n\t\t\t\t<\/div><div  class=\"fusion-layout-column fusion_builder_column fusion_builder_column_1_1 fusion-builder-column-15 fusion-one-full fusion-column-first fusion-column-last 1_1\"  style='margin-top:0px;margin-bottom:0px;'>\n\t\t\t\t\t<div class=\"fusion-column-wrapper\" style=\"padding: 0px 0px 0px 0px;background-position:left top;background-repeat:no-repeat;-webkit-background-size:cover;-moz-background-size:cover;-o-background-size:cover;background-size:cover;\"   data-bg-url=\"\">\n\t\t\t\t\t\t<style type=\"text\/css\"><\/style><div class=\"fusion-title title fusion-title-15 fusion-sep-none fusion-title-text fusion-title-size-four bleu-fonce-title\" style=\"margin-top:0px;margin-bottom:31px;\"><h4 class=\"title-heading-left\" style=\"margin:0;\">Partners van de camping<\/h4><\/div><div class=\"fusion-clearfix\"><\/div>\n\n\t\t\t\t\t<\/div>\n\t\t\t\t<\/div><div  class=\"fusion-layout-column fusion_builder_column fusion_builder_column_1_3 fusion-builder-column-16 fusion-one-third fusion-column-first partenaire 1_3\"  style='margin-top:0px;margin-bottom:20px;width:33.33%;width:calc(33.33% - ( ( 15px ) * 0.3333 ) );margin-right: 15px;'>\n\t\t\t\t\t<div class=\"fusion-column-wrapper\" style=\"padding: 0px 0px 0px 0px;background-position:left top;background-repeat:no-repeat;-webkit-background-size:cover;-moz-background-size:cover;-o-background-size:cover;background-size:cover;\"   data-bg-url=\"\">\n\t\t\t\t\t\t<div class=\"fusion-text\"><p style=\"text-align: center;\">Les Bateaux du Pont<\/p>\n<\/div><div class=\"imageframe-align-center\"><span class=\"fusion-imageframe imageframe-none imageframe-7 hover-type-none\"><img loading=\"lazy\" decoding=\"async\" src=\"https:\/\/www.camping-des-gorges.com\/wp-content\/uploads\/les-bateaux-du-pont.jpg\" data-orig-src=\"https:\/\/www.camping-des-gorges.com\/wp-content\/uploads\/les-bateaux-du-pont.jpg\" width=\"247\" height=\"131\" alt=\"Les Bateaux du Pont\" title=\"Les Bateaux du Pont\" class=\"lazyload img-responsive wp-image-2660\" srcset=\"data:image\/svg+xml,%3Csvg%20xmlns%3D%27http%3A%2F%2Fwww.w3.org%2F2000%2Fsvg%27%20width%3D%27247%27%20height%3D%27131%27%20viewBox%3D%270%200%20247%20131%27%3E%3Crect%20width%3D%27247%27%20height%3D%273131%27%20fill-opacity%3D%220%22%2F%3E%3C%2Fsvg%3E\" data-srcset=\"https:\/\/www.camping-des-gorges.com\/wp-content\/uploads\/les-bateaux-du-pont-200x106.jpg 200w, https:\/\/www.camping-des-gorges.com\/wp-content\/uploads\/les-bateaux-du-pont.jpg 247w\" data-sizes=\"auto\" data-orig-sizes=\"auto, (max-width: 900px) 100vw, 247px\" \/><\/span><\/div><div class=\"fusion-sep-clear\"><\/div><div class=\"fusion-separator fusion-full-width-sep sep-none\" style=\"margin-left: auto;margin-right: auto;margin-top:15px;\"><\/div><div class=\"fusion-button-wrapper fusion-aligncenter\"><style type=\"text\/css\">.fusion-button.button-1 {border-radius:2px;}<\/style><a class=\"fusion-button button-flat fusion-button-default-size button-default button-1 fusion-button-default-span fusion-button-default-type\" target=\"_blank\" rel=\"noopener noreferrer\" href=\"https:\/\/www.ardeche-canoes-kayaks.com\/en\/\"><span class=\"fusion-button-text\">Bekijk website<\/span><\/a><\/div><div class=\"fusion-clearfix\"><\/div>\n\n\t\t\t\t\t<\/div>\n\t\t\t\t<\/div><div  class=\"fusion-layout-column fusion_builder_column fusion_builder_column_1_3 fusion-builder-column-17 fusion-one-third fusion-column-last partenaire 1_3\"  style='margin-top:0px;margin-bottom:20px;width:33.33%;width:calc(33.33% - ( ( 15px ) * 0.3333 ) );'>\n\t\t\t\t\t<div class=\"fusion-column-wrapper\" style=\"padding: 0px 0px 0px 0px;background-position:left top;background-repeat:no-repeat;-webkit-background-size:cover;-moz-background-size:cover;-o-background-size:cover;background-size:cover;\"   data-bg-url=\"\">\n\t\t\t\t\t\t<div class=\"fusion-text\"><p style=\"text-align: center;\">Bureau voor toerisme van Saint Martin d&#8217;Ard\u00e8che<\/p>\n<\/div><div class=\"imageframe-align-center\"><span class=\"fusion-imageframe imageframe-none imageframe-8 hover-type-none\"><img loading=\"lazy\" decoding=\"async\" src=\"https:\/\/www.camping-des-gorges.com\/wp-content\/uploads\/ot-saint-martin-d-ardeche.jpg\" data-orig-src=\"https:\/\/www.camping-des-gorges.com\/wp-content\/uploads\/ot-saint-martin-d-ardeche.jpg\" width=\"247\" height=\"131\" alt=\"Bureau voor toerisme van Saint Martin d&#039;Ard\u00e8che\" title=\"Bureau voor toerisme van Saint Martin d&#8217;Ard\u00e8che\" class=\"lazyload img-responsive wp-image-2663\" srcset=\"data:image\/svg+xml,%3Csvg%20xmlns%3D%27http%3A%2F%2Fwww.w3.org%2F2000%2Fsvg%27%20width%3D%27247%27%20height%3D%27131%27%20viewBox%3D%270%200%20247%20131%27%3E%3Crect%20width%3D%27247%27%20height%3D%273131%27%20fill-opacity%3D%220%22%2F%3E%3C%2Fsvg%3E\" data-srcset=\"https:\/\/www.camping-des-gorges.com\/wp-content\/uploads\/ot-saint-martin-d-ardeche-200x106.jpg 200w, https:\/\/www.camping-des-gorges.com\/wp-content\/uploads\/ot-saint-martin-d-ardeche.jpg 247w\" data-sizes=\"auto\" data-orig-sizes=\"auto, (max-width: 900px) 100vw, 247px\" \/><\/span><\/div><div class=\"fusion-sep-clear\"><\/div><div class=\"fusion-separator fusion-full-width-sep sep-none\" style=\"margin-left: auto;margin-right: auto;margin-top:15px;\"><\/div><div class=\"fusion-button-wrapper fusion-aligncenter\"><style type=\"text\/css\">.fusion-button.button-2 {border-radius:2px;}<\/style><a class=\"fusion-button button-flat fusion-button-default-size button-default button-2 fusion-button-default-span fusion-button-default-type\" target=\"_blank\" rel=\"noopener noreferrer\" href=\"https:\/\/www.rhone-gorges-ardeche.com\/en\/home-page\/\"><span class=\"fusion-button-text\">Bekijk website<\/span><\/a><\/div><div class=\"fusion-clearfix\"><\/div>\n\n\t\t\t\t\t<\/div>\n\t\t\t\t<\/div><\/div><\/div><\/p>\n","protected":false},"excerpt":{"rendered":"","protected":false},"author":1,"featured_media":0,"parent":2974,"menu_order":0,"comment_status":"closed","ping_status":"closed","template":"","meta":{"footnotes":""},"class_list":["post-2971","page","type-page","status-publish","hentry"],"_links":{"self":[{"href":"https:\/\/www.camping-des-gorges.com\/nl\/wp-json\/wp\/v2\/pages\/2971","targetHints":{"allow":["GET"]}}],"collection":[{"href":"https:\/\/www.camping-des-gorges.com\/nl\/wp-json\/wp\/v2\/pages"}],"about":[{"href":"https:\/\/www.camping-des-gorges.com\/nl\/wp-json\/wp\/v2\/types\/page"}],"author":[{"embeddable":true,"href":"https:\/\/www.camping-des-gorges.com\/nl\/wp-json\/wp\/v2\/users\/1"}],"replies":[{"embeddable":true,"href":"https:\/\/www.camping-des-gorges.com\/nl\/wp-json\/wp\/v2\/comments?post=2971"}],"version-history":[{"count":7,"href":"https:\/\/www.camping-des-gorges.com\/nl\/wp-json\/wp\/v2\/pages\/2971\/revisions"}],"predecessor-version":[{"id":3313,"href":"https:\/\/www.camping-des-gorges.com\/nl\/wp-json\/wp\/v2\/pages\/2971\/revisions\/3313"}],"up":[{"embeddable":true,"href":"https:\/\/www.camping-des-gorges.com\/nl\/wp-json\/wp\/v2\/pages\/2974"}],"wp:attachment":[{"href":"https:\/\/www.camping-des-gorges.com\/nl\/wp-json\/wp\/v2\/media?parent=2971"}],"curies":[{"name":"wp","href":"https:\/\/api.w.org\/{rel}","templated":true}]}}